{"id":282,"date":"2023-03-14T11:52:56","date_gmt":"2023-03-14T11:52:56","guid":{"rendered":"https:\/\/mallorcatransferspellicer.com\/?page_id=282"},"modified":"2024-05-22T10:42:40","modified_gmt":"2024-05-22T10:42:40","slug":"dienstleistungen","status":"publish","type":"page","link":"https:\/\/mallorcatransferspellicer.com\/de\/dienstleistungen\/","title":{"rendered":"Dienstleistungen"},"content":{"rendered":"\n<div class=\"wp-block-cover alignfull\"><span aria-hidden=\"true\" class=\"wp-block-cover__background has-background-dim-40 has-background-dim\" style=\"background-color:#638797\"><\/span><img loading=\"lazy\" decoding=\"async\" width=\"1200\" height=\"285\" class=\"wp-block-cover__image-background wp-image-723\" alt=\"\" src=\"https:\/\/mallorcatransferspellicer.com\/wp-content\/uploads\/2024\/05\/MTP-0048.jpg\" data-object-fit=\"cover\" srcset=\"https:\/\/mallorcatransferspellicer.com\/wp-content\/uploads\/2024\/05\/MTP-0048.jpg 1200w, https:\/\/mallorcatransferspellicer.com\/wp-content\/uploads\/2024\/05\/MTP-0048-300x71.jpg 300w, https:\/\/mallorcatransferspellicer.com\/wp-content\/uploads\/2024\/05\/MTP-0048-1024x243.jpg 1024w, https:\/\/mallorcatransferspellicer.com\/wp-content\/uploads\/2024\/05\/MTP-0048-768x182.jpg 768w\" sizes=\"auto, (max-width: 1200px) 100vw, 1200px\" \/><div class=\"wp-block-cover__inner-container is-layout-flow wp-block-cover-is-layout-flow\">\n<p class=\"has-text-align-center has-large-font-size\">Transfer Flughafen \/ Zone CAPDEPERA<\/p>\n<\/div><\/div>\n\n\n\n<div class=\"wp-block-columns margintop50 is-layout-flex wp-container-core-columns-is-layout-9d6595d7 wp-block-columns-is-layout-flex\">\n<div class=\"wp-block-column is-layout-flow wp-block-column-is-layout-flow\">\n<figure class=\"wp-block-image alignfull size-full\"><img loading=\"lazy\" decoding=\"async\" width=\"1024\" height=\"684\" src=\"https:\/\/mallorcatransferspellicer.com\/wp-content\/uploads\/2023\/03\/CAPDEPERA-1024x684-1.jpg\" alt=\"\" class=\"wp-image-140\" srcset=\"https:\/\/mallorcatransferspellicer.com\/wp-content\/uploads\/2023\/03\/CAPDEPERA-1024x684-1.jpg 1024w, https:\/\/mallorcatransferspellicer.com\/wp-content\/uploads\/2023\/03\/CAPDEPERA-1024x684-1-300x200.jpg 300w, https:\/\/mallorcatransferspellicer.com\/wp-content\/uploads\/2023\/03\/CAPDEPERA-1024x684-1-768x513.jpg 768w\" sizes=\"auto, (max-width: 1024px) 100vw, 1024px\" \/><figcaption class=\"wp-element-caption\"><strong>Capdepera <\/strong><br>Am \u00f6stlichen Ende von Mallorca gelegen, kann man das Mittelalter in jeder Ecke atmen. Sein Schloss ist eines der wichtigsten mittelalterlichen Juwelen der Insel und von seinen T\u00fcrmen aus kann man die Insel Menorca sehen.<\/figcaption><\/figure>\n<\/div>\n\n\n\n<div class=\"wp-block-column is-layout-flow wp-block-column-is-layout-flow\">\n<figure class=\"wp-block-image alignfull size-large\"><img loading=\"lazy\" decoding=\"async\" width=\"1024\" height=\"684\" src=\"https:\/\/mallorcatransferspellicer.com\/wp-content\/uploads\/2023\/03\/CALA-RATJADA-3-1024x684.jpg\" alt=\"\" class=\"wp-image-72\" srcset=\"https:\/\/mallorcatransferspellicer.com\/wp-content\/uploads\/2023\/03\/CALA-RATJADA-3-1024x684.jpg 1024w, https:\/\/mallorcatransferspellicer.com\/wp-content\/uploads\/2023\/03\/CALA-RATJADA-3-300x200.jpg 300w, https:\/\/mallorcatransferspellicer.com\/wp-content\/uploads\/2023\/03\/CALA-RATJADA-3-768x513.jpg 768w, https:\/\/mallorcatransferspellicer.com\/wp-content\/uploads\/2023\/03\/CALA-RATJADA-3.jpg 1200w\" sizes=\"auto, (max-width: 1024px) 100vw, 1024px\" \/><figcaption class=\"wp-element-caption\"><strong>Cala Rajada<\/strong><br>Ein altes Fischerdorf hat sich zum touristischen Zentrum par excellence entwickelt, mit<br>Str\u00e4nden mit kristallklarem Wasser und wei\u00dfem Sand. Die Besucher k\u00f6nnen ein vielf\u00e4ltiges gastronomisches und kulturelles Angebot wahrnehmen.<\/figcaption><\/figure>\n<\/div>\n\n\n\n<div class=\"wp-block-column is-layout-flow wp-block-column-is-layout-flow\">\n<figure class=\"wp-block-image alignfull size-large\"><img loading=\"lazy\" decoding=\"async\" width=\"1024\" height=\"684\" src=\"https:\/\/mallorcatransferspellicer.com\/wp-content\/uploads\/2023\/03\/CALA-MESQUIDA2-1024x684.jpg\" alt=\"\" class=\"wp-image-70\" srcset=\"https:\/\/mallorcatransferspellicer.com\/wp-content\/uploads\/2023\/03\/CALA-MESQUIDA2-1024x684.jpg 1024w, https:\/\/mallorcatransferspellicer.com\/wp-content\/uploads\/2023\/03\/CALA-MESQUIDA2-300x200.jpg 300w, https:\/\/mallorcatransferspellicer.com\/wp-content\/uploads\/2023\/03\/CALA-MESQUIDA2-768x513.jpg 768w, https:\/\/mallorcatransferspellicer.com\/wp-content\/uploads\/2023\/03\/CALA-MESQUIDA2.jpg 1200w\" sizes=\"auto, (max-width: 1024px) 100vw, 1024px\" \/><figcaption class=\"wp-element-caption\"><strong>Cala Mesquida <\/strong><br>Es ist eine dieser kleinen Ecken, in die Sie sich, wegen ihrer beeindruckenden nat\u00fcrlichen<br>Sch\u00f6nheit, verlieben k\u00f6nnen. Sein klares Wasser mit t\u00fcrkisfarbenen Reflexen, die klare und feine Sandb\u00f6den bedecken, bilden das ideale Bild, um sich in die Netzhaut seiner Besucher einzubrennen, weshalb er als einer der besten Str\u00e4nde Mallorcas gilt.<\/figcaption><\/figure>\n<\/div>\n<\/div>\n\n\n\n<div class=\"wp-block-columns doscolumnas marginbottom50 is-layout-flex wp-container-core-columns-is-layout-9d6595d7 wp-block-columns-is-layout-flex\">\n<div class=\"wp-block-column is-layout-flow wp-block-column-is-layout-flow\" style=\"flex-basis:33.33%\">\n<figure class=\"wp-block-image alignfull size-large\"><img loading=\"lazy\" decoding=\"async\" width=\"1024\" height=\"684\" src=\"https:\/\/mallorcatransferspellicer.com\/wp-content\/uploads\/2023\/03\/CANYAMEL-1024x684.jpg\" alt=\"\" class=\"wp-image-76\" srcset=\"https:\/\/mallorcatransferspellicer.com\/wp-content\/uploads\/2023\/03\/CANYAMEL-1024x684.jpg 1024w, https:\/\/mallorcatransferspellicer.com\/wp-content\/uploads\/2023\/03\/CANYAMEL-300x200.jpg 300w, https:\/\/mallorcatransferspellicer.com\/wp-content\/uploads\/2023\/03\/CANYAMEL-768x513.jpg 768w, https:\/\/mallorcatransferspellicer.com\/wp-content\/uploads\/2023\/03\/CANYAMEL.jpg 1200w\" sizes=\"auto, (max-width: 1024px) 100vw, 1024px\" \/><figcaption class=\"wp-element-caption\"><strong>Canyamel <\/strong><br>Liegt etwa 10 km von Capdepera entfernt. Es ist auf der einen Seite von einem Naturschutzgebiet und einer Flussm\u00fcndung umgeben, ideal zum Wandern und Vogelbeobachten; und andererseits der diskreten und gut erhaltenen touristischen Anlage.<\/figcaption><\/figure>\n<\/div>\n\n\n\n<div class=\"wp-block-column is-layout-flow wp-block-column-is-layout-flow\" style=\"flex-basis:33.33%\">\n<figure class=\"wp-block-image alignfull size-large\"><img loading=\"lazy\" decoding=\"async\" width=\"1024\" height=\"682\" src=\"https:\/\/mallorcatransferspellicer.com\/wp-content\/uploads\/2023\/03\/FONT-DE-SA-CALA-iStock-1327805311-1024x682.jpg\" alt=\"\" class=\"wp-image-78\" srcset=\"https:\/\/mallorcatransferspellicer.com\/wp-content\/uploads\/2023\/03\/FONT-DE-SA-CALA-iStock-1327805311-1024x682.jpg 1024w, https:\/\/mallorcatransferspellicer.com\/wp-content\/uploads\/2023\/03\/FONT-DE-SA-CALA-iStock-1327805311-300x200.jpg 300w, https:\/\/mallorcatransferspellicer.com\/wp-content\/uploads\/2023\/03\/FONT-DE-SA-CALA-iStock-1327805311-768x512.jpg 768w, https:\/\/mallorcatransferspellicer.com\/wp-content\/uploads\/2023\/03\/FONT-DE-SA-CALA-iStock-1327805311-1536x1023.jpg 1536w, https:\/\/mallorcatransferspellicer.com\/wp-content\/uploads\/2023\/03\/FONT-DE-SA-CALA-iStock-1327805311-2048x1364.jpg 2048w\" sizes=\"auto, (max-width: 1024px) 100vw, 1024px\" \/><figcaption class=\"wp-element-caption\"><strong>Font de Sa Cala<\/strong><br>Es ist 2 km von Cala Ratjada entfernt. Sein Ortsname bezieht sich auf die S\u00fc\u00dfwasserquelle, die in seiner Umgebung vorhanden ist, der dazu f\u00fchrt, dass das umgebende Meerwasser k\u00e4lter und weniger salzig ist.<\/figcaption><\/figure>\n<\/div>\n<\/div>\n\n\n\n<div class=\"wp-block-cover alignfull\"><span aria-hidden=\"true\" class=\"wp-block-cover__background has-background-dim-0 has-background-dim\"><\/span><img loading=\"lazy\" decoding=\"async\" width=\"2560\" height=\"583\" class=\"wp-block-cover__image-background wp-image-77\" alt=\"\" src=\"https:\/\/mallorcatransferspellicer.com\/wp-content\/uploads\/2023\/03\/TRASLADOS-iStock-1279488624-ret-scaled.jpg\" data-object-fit=\"cover\" srcset=\"https:\/\/mallorcatransferspellicer.com\/wp-content\/uploads\/2023\/03\/TRASLADOS-iStock-1279488624-ret-scaled.jpg 2560w, https:\/\/mallorcatransferspellicer.com\/wp-content\/uploads\/2023\/03\/TRASLADOS-iStock-1279488624-ret-300x68.jpg 300w, https:\/\/mallorcatransferspellicer.com\/wp-content\/uploads\/2023\/03\/TRASLADOS-iStock-1279488624-ret-1024x233.jpg 1024w, https:\/\/mallorcatransferspellicer.com\/wp-content\/uploads\/2023\/03\/TRASLADOS-iStock-1279488624-ret-768x175.jpg 768w, https:\/\/mallorcatransferspellicer.com\/wp-content\/uploads\/2023\/03\/TRASLADOS-iStock-1279488624-ret-1536x350.jpg 1536w, https:\/\/mallorcatransferspellicer.com\/wp-content\/uploads\/2023\/03\/TRASLADOS-iStock-1279488624-ret-2048x466.jpg 2048w\" sizes=\"auto, (max-width: 2560px) 100vw, 2560px\" \/><div class=\"wp-block-cover__inner-container is-layout-flow wp-block-cover-is-layout-flow\">\n<p class=\"has-text-align-center has-large-font-size\">Transfers zu den meistbesuchten Gegenden Mallorcas<\/p>\n<\/div><\/div>\n\n\n\n<div class=\"wp-block-columns doscolumnas margintop50 is-layout-flex wp-container-core-columns-is-layout-9d6595d7 wp-block-columns-is-layout-flex\">\n<div class=\"wp-block-column is-layout-flow wp-block-column-is-layout-flow\" style=\"flex-basis:33.33%\">\n<figure class=\"wp-block-image alignfull size-full\"><img loading=\"lazy\" decoding=\"async\" width=\"1024\" height=\"684\" src=\"https:\/\/mallorcatransferspellicer.com\/wp-content\/uploads\/2023\/03\/PALMA-1024x684-1.jpg\" alt=\"\" class=\"wp-image-142\" srcset=\"https:\/\/mallorcatransferspellicer.com\/wp-content\/uploads\/2023\/03\/PALMA-1024x684-1.jpg 1024w, https:\/\/mallorcatransferspellicer.com\/wp-content\/uploads\/2023\/03\/PALMA-1024x684-1-300x200.jpg 300w, https:\/\/mallorcatransferspellicer.com\/wp-content\/uploads\/2023\/03\/PALMA-1024x684-1-768x513.jpg 768w\" sizes=\"auto, (max-width: 1024px) 100vw, 1024px\" \/><figcaption class=\"wp-element-caption\"><strong>Palma de Mallorca<\/strong><br>Hauptstadt der Insel Mallorca. Die riesige Kathedrale Santa Mar\u00eda (La Seu), ein gotisches Denkmal, dessen Bau im 13. Jahrhundert begann, dominiert die Skyline der Bucht von<br>Palma. Daneben befindet sich die Almudaina, eine Festung im arabischen Stil, die in eine<br>k\u00f6nigliche Residenz umgewandelt wurde. Im Westen der Stadt liegt auf einem H\u00fcgel das Schloss Bellver, eine mittelalterliche Festung mit einer markanten runden Form.<\/figcaption><\/figure>\n<\/div>\n\n\n\n<div class=\"wp-block-column is-layout-flow wp-block-column-is-layout-flow\" style=\"flex-basis:33.33%\">\n<figure class=\"wp-block-image alignfull size-large\"><img loading=\"lazy\" decoding=\"async\" width=\"1024\" height=\"683\" src=\"https:\/\/mallorcatransferspellicer.com\/wp-content\/uploads\/2023\/03\/valldemosa-iStock-1004644422-1024x683.jpg\" alt=\"\" class=\"wp-image-75\" srcset=\"https:\/\/mallorcatransferspellicer.com\/wp-content\/uploads\/2023\/03\/valldemosa-iStock-1004644422-1024x683.jpg 1024w, https:\/\/mallorcatransferspellicer.com\/wp-content\/uploads\/2023\/03\/valldemosa-iStock-1004644422-300x200.jpg 300w, https:\/\/mallorcatransferspellicer.com\/wp-content\/uploads\/2023\/03\/valldemosa-iStock-1004644422-768x512.jpg 768w, https:\/\/mallorcatransferspellicer.com\/wp-content\/uploads\/2023\/03\/valldemosa-iStock-1004644422-1536x1024.jpg 1536w, https:\/\/mallorcatransferspellicer.com\/wp-content\/uploads\/2023\/03\/valldemosa-iStock-1004644422-2048x1365.jpg 2048w\" sizes=\"auto, (max-width: 1024px) 100vw, 1024px\" \/><figcaption class=\"wp-element-caption\"><strong>Valldemosa<\/strong><br>Es ist einer der meistbesuchten und emblematischen Orte Mallorcas. Es ist von hohen Bergen umgeben, sodass Sie von jedem Punkt der Stadt aus einen wundersch\u00f6nen<br>Panoramablick genie\u00dfen k\u00f6nnen. Eine Bergstadt mit engen Kopfsteinpflasterstra\u00dfen; ein<br>Besuch der Cartuja, einem k\u00f6niglichen Palast aus dem 14. Jahrhundert, ist unerl\u00e4sslich.<\/figcaption><\/figure>\n<\/div>\n<\/div>\n\n\n\n<div class=\"wp-block-columns doscolumnas marginbottom50 is-layout-flex wp-container-core-columns-is-layout-9d6595d7 wp-block-columns-is-layout-flex\">\n<div class=\"wp-block-column is-layout-flow wp-block-column-is-layout-flow\" style=\"flex-basis:33.33%\">\n<figure class=\"wp-block-image alignfull size-large\"><img loading=\"lazy\" decoding=\"async\" width=\"1024\" height=\"683\" src=\"https:\/\/mallorcatransferspellicer.com\/wp-content\/uploads\/2023\/03\/SOLLER-iStock-900674066-1-1024x683.jpg\" alt=\"\" class=\"wp-image-69\" srcset=\"https:\/\/mallorcatransferspellicer.com\/wp-content\/uploads\/2023\/03\/SOLLER-iStock-900674066-1-1024x683.jpg 1024w, https:\/\/mallorcatransferspellicer.com\/wp-content\/uploads\/2023\/03\/SOLLER-iStock-900674066-1-300x200.jpg 300w, https:\/\/mallorcatransferspellicer.com\/wp-content\/uploads\/2023\/03\/SOLLER-iStock-900674066-1-768x513.jpg 768w, https:\/\/mallorcatransferspellicer.com\/wp-content\/uploads\/2023\/03\/SOLLER-iStock-900674066-1-1536x1025.jpg 1536w, https:\/\/mallorcatransferspellicer.com\/wp-content\/uploads\/2023\/03\/SOLLER-iStock-900674066-1-2048x1367.jpg 2048w\" sizes=\"auto, (max-width: 1024px) 100vw, 1024px\" \/><figcaption class=\"wp-element-caption\"><strong>S\u00f3ller<\/strong><br>An der Nordwestk\u00fcste der Insel Mallorca gelegen, befindet es sich in der Sierra de Tramuntana in einem wundersch\u00f6nen Tal, umgeben von den h\u00f6chsten Bergen der Insel, die es zu einem der einzigartigsten Orte Mallorcas machen.<\/figcaption><\/figure>\n<\/div>\n\n\n\n<div class=\"wp-block-column is-layout-flow wp-block-column-is-layout-flow\" style=\"flex-basis:33.33%\">\n<figure class=\"wp-block-image alignfull size-full\"><img loading=\"lazy\" decoding=\"async\" width=\"1024\" height=\"684\" src=\"https:\/\/mallorcatransferspellicer.com\/wp-content\/uploads\/2023\/03\/PLAYAS-DE-MURO-1024x684-1.jpg\" alt=\"\" class=\"wp-image-141\" srcset=\"https:\/\/mallorcatransferspellicer.com\/wp-content\/uploads\/2023\/03\/PLAYAS-DE-MURO-1024x684-1.jpg 1024w, https:\/\/mallorcatransferspellicer.com\/wp-content\/uploads\/2023\/03\/PLAYAS-DE-MURO-1024x684-1-300x200.jpg 300w, https:\/\/mallorcatransferspellicer.com\/wp-content\/uploads\/2023\/03\/PLAYAS-DE-MURO-1024x684-1-768x513.jpg 768w\" sizes=\"auto, (max-width: 1024px) 100vw, 1024px\" \/><figcaption class=\"wp-element-caption\"><strong>Playas de Muro<\/strong><br>Ein sehr langer Strand, der sich in der Bucht von Alcudia zwischen den Orten Puerto de Alcudia und Can Picafort befindet, ist eigentlich ein Teil des kilometerlangen Sandgebietes, das sich durch die Bucht von Alcudia zieht. Dieser Strand hat feinen wei\u00dfen Sand und zeichnet sich durch die Farben aus, die das Meer pr\u00e4sentiert. Spektakul\u00e4r sind die<br>verschiedenen Blaut\u00f6ne. Der Zugang zum Meer ist leicht abfallend und ideal f\u00fcr Familien mit Kindern.<\/figcaption><\/figure>\n<\/div>\n<\/div>\n\n\n\n<div class=\"wp-block-cover\"><span aria-hidden=\"true\" class=\"wp-block-cover__background has-background-dim-100 has-background-dim\" style=\"background-color:#011f37\"><\/span><div class=\"wp-block-cover__inner-container is-layout-flow wp-block-cover-is-layout-flow\">\n<p class=\"has-text-align-center has-background has-large-font-size\" style=\"background-color:#011f37\">Andere Reiseziele zu konsultieren<\/p>\n<\/div><\/div>\n","protected":false},"excerpt":{"rendered":"","protected":false},"author":2,"featured_media":0,"parent":0,"menu_order":0,"comment_status":"closed","ping_status":"closed","template":"","meta":{"_glsr_average":0,"_glsr_ranking":0,"_glsr_reviews":0,"footnotes":""},"class_list":["post-282","page","type-page","status-publish","hentry"],"_links":{"self":[{"href":"https:\/\/mallorcatransferspellicer.com\/de\/wp-json\/wp\/v2\/pages\/282","targetHints":{"allow":["GET"]}}],"collection":[{"href":"https:\/\/mallorcatransferspellicer.com\/de\/wp-json\/wp\/v2\/pages"}],"about":[{"href":"https:\/\/mallorcatransferspellicer.com\/de\/wp-json\/wp\/v2\/types\/page"}],"author":[{"embeddable":true,"href":"https:\/\/mallorcatransferspellicer.com\/de\/wp-json\/wp\/v2\/users\/2"}],"replies":[{"embeddable":true,"href":"https:\/\/mallorcatransferspellicer.com\/de\/wp-json\/wp\/v2\/comments?post=282"}],"version-history":[{"count":8,"href":"https:\/\/mallorcatransferspellicer.com\/de\/wp-json\/wp\/v2\/pages\/282\/revisions"}],"predecessor-version":[{"id":743,"href":"https:\/\/mallorcatransferspellicer.com\/de\/wp-json\/wp\/v2\/pages\/282\/revisions\/743"}],"wp:attachment":[{"href":"https:\/\/mallorcatransferspellicer.com\/de\/wp-json\/wp\/v2\/media?parent=282"}],"curies":[{"name":"wp","href":"https:\/\/api.w.org\/{rel}","templated":true}]}}